{"id":8,"date":"2024-05-13T21:10:35","date_gmt":"2024-05-13T21:10:35","guid":{"rendered":"https:\/\/firmweg.prbs.ch\/?page_id=8"},"modified":"2025-11-29T10:37:41","modified_gmt":"2025-11-29T10:37:41","slug":"firmweg-pastoralraum-baldeggersee","status":"publish","type":"page","link":"https:\/\/firmweg.prbs.ch\/","title":{"rendered":"Firmweg Pastoralraum Baldeggersee_content"},"content":{"rendered":"\t\t<div data-elementor-type=\"wp-page\" data-elementor-id=\"8\" class=\"elementor elementor-8\">\n\t\t\t\t<div class=\"elementor-element elementor-element-2a15c97 e-con-full e-flex e-con e-parent\" data-id=\"2a15c97\" data-element_type=\"container\">\n\t\t<div class=\"elementor-element elementor-element-2d1384f e-flex e-con-boxed e-con e-child\" data-id=\"2d1384f\" data-element_type=\"container\">\n\t\t\t\t\t<div class=\"e-con-inner\">\n\t\t<div class=\"elementor-element elementor-element-56923f4 e-grid e-con-boxed e-con e-child\" data-id=\"56923f4\" data-element_type=\"container\">\n\t\t\t\t\t<div class=\"e-con-inner\">\n\t\t\t\t<div class=\"elementor-element elementor-element-ad467f3 elementor-widget elementor-widget-image\" data-id=\"ad467f3\" data-element_type=\"widget\" data-widget_type=\"image.default\">\n\t\t\t\t<div class=\"elementor-widget-container\">\n\t\t\t\t\t\t\t\t\t\t\t\t\t\t\t<img decoding=\"async\" width=\"200\" height=\"72\" src=\"https:\/\/firmweg.prbs.ch\/wp-content\/uploads\/2024\/05\/cropped-firmung_logo-1.png\" class=\"attachment-1536x1536 size-1536x1536 wp-image-148\" alt=\"\" \/>\t\t\t\t\t\t\t\t\t\t\t\t\t\t\t<\/div>\n\t\t\t\t<\/div>\n\t\t\t\t<div class=\"elementor-element elementor-element-d902f9b elementor-widget elementor-widget-spacer\" data-id=\"d902f9b\" data-element_type=\"widget\" data-widget_type=\"spacer.default\">\n\t\t\t\t<div class=\"elementor-widget-container\">\n\t\t\t\t\t\t\t<div class=\"elementor-spacer\">\n\t\t\t<div class=\"elementor-spacer-inner\"><\/div>\n\t\t<\/div>\n\t\t\t\t\t\t<\/div>\n\t\t\t\t<\/div>\n\t\t\t\t<div class=\"elementor-element elementor-element-4f87949 elementor-align-right elementor-widget elementor-widget-button\" data-id=\"4f87949\" data-element_type=\"widget\" data-widget_type=\"button.default\">\n\t\t\t\t<div class=\"elementor-widget-container\">\n\t\t\t\t\t\t\t\t\t<div class=\"elementor-button-wrapper\">\n\t\t\t\t\t<a class=\"elementor-button elementor-button-link elementor-size-sm\" href=\"https:\/\/forms.office.com\/pages\/responsepage.aspx?id=UCqoOTrMJ0-zP9fc_v9y2I4DUCeYtDNNjou65rWw2wRUMjFaVkxVVktFWDdZUTE3NzU3S0w1SjUyTS4u\" target=\"_blank\">\n\t\t\t\t\t\t<span class=\"elementor-button-content-wrapper\">\n\t\t\t\t\t\t\t\t\t<span class=\"elementor-button-text\">Anmeldung zum Firmweg 2026<\/span>\n\t\t\t\t\t<\/span>\n\t\t\t\t\t<\/a>\n\t\t\t\t<\/div>\n\t\t\t\t\t\t\t\t<\/div>\n\t\t\t\t<\/div>\n\t\t\t\t<div class=\"elementor-element elementor-element-f14e65b elementor-widget elementor-widget-spacer\" data-id=\"f14e65b\" data-element_type=\"widget\" data-widget_type=\"spacer.default\">\n\t\t\t\t<div class=\"elementor-widget-container\">\n\t\t\t\t\t\t\t<div class=\"elementor-spacer\">\n\t\t\t<div class=\"elementor-spacer-inner\"><\/div>\n\t\t<\/div>\n\t\t\t\t\t\t<\/div>\n\t\t\t\t<\/div>\n\t\t\t\t<div class=\"elementor-element elementor-element-a084ee2 elementor-widget elementor-widget-spacer\" data-id=\"a084ee2\" data-element_type=\"widget\" data-widget_type=\"spacer.default\">\n\t\t\t\t<div class=\"elementor-widget-container\">\n\t\t\t\t\t\t\t<div class=\"elementor-spacer\">\n\t\t\t<div class=\"elementor-spacer-inner\"><\/div>\n\t\t<\/div>\n\t\t\t\t\t\t<\/div>\n\t\t\t\t<\/div>\n\t\t\t\t<div class=\"elementor-element elementor-element-cb75eb9 elementor-widget elementor-widget-image\" data-id=\"cb75eb9\" data-element_type=\"widget\" data-widget_type=\"image.default\">\n\t\t\t\t<div class=\"elementor-widget-container\">\n\t\t\t\t\t\t\t\t\t\t\t\t\t\t\t<img decoding=\"async\" src=\"https:\/\/firmweg.prbs.ch\/wp-content\/uploads\/elementor\/thumbs\/Anmeldung-Firmweg-2025-qo9ffbwpi13c4b7745buky3yd21t4vmerrtalu2yo4.png\" title=\"Anmeldung Firmweg 2025\" alt=\"Anmeldung Firmweg 2025\" loading=\"lazy\" \/>\t\t\t\t\t\t\t\t\t\t\t\t\t\t\t<\/div>\n\t\t\t\t<\/div>\n\t\t\t\t\t<\/div>\n\t\t\t\t<\/div>\n\t\t\t\t\t<\/div>\n\t\t\t\t<\/div>\n\t\t\t\t<div class=\"elementor-element elementor-element-5355590 elementor-widget elementor-widget-text-editor\" data-id=\"5355590\" data-element_type=\"widget\" data-widget_type=\"text-editor.default\">\n\t\t\t\t<div class=\"elementor-widget-container\">\n\t\t\t\t\t\t\t\t\t<h3><strong>Um was geht es?<\/strong><\/h3>\n<p>Bei der Firmung geht es (kurz gesagt) um den Hl. Geist und die Kirche. Wenn Du Dich firmen l\u00e4sst, wirst Du erf\u00fcllt vom Hl. Geist und noch mehr verbunden mit der Gemeinschaft der Kirche.<\/p>\n<p>Der Hl. Geist l\u00e4sst sich allerdings kaum in eine klare Definition pressen \u2026 Und wir k\u00f6nnen auch nicht \u00fcber ihn \u00abverf\u00fcgen\u00bb. Aber eines ist klar: Der Geist Gottes will uns helfen, auf die Frage nach der eigenen Identit\u00e4t und auf die Frage nach dem Sinn des Lebens eine Antwort zu finden.<\/p>\n<p>Den Hl. Geist kann man nicht einfach \u00abauswendig lernen\u00bb und ihn dann sozusagen als \u00abWissen\u00bb besitzen. Das w\u00e4re ein Kleingeist. Er entfaltet sich vielmehr in Beziehung. Er wird sichtbar in der Beziehung zum eigenen Tun, zu den Mitmenschen und zu Gott. Er wirkt mit, indem er in den entscheidenden Situationen unseres Lebens die entscheidenden Fragen aufwirft und uns zu mutigen Antworten bef\u00e4higt.<\/p>\n<p>Wie kann ich den Hl. Geist entdecken und erfahren? Dieser wichtigen Frage widmet sich unser Firmweg. Es freut uns sehr, wenn auch Du Dich auf das \u00abAbenteuer Hl. Geist\u00bb einl\u00e4sst und mit uns auf den Weg kommst.<\/p>\t\t\t\t\t\t\t\t<\/div>\n\t\t\t\t<\/div>\n\t\t\t\t<div class=\"elementor-element elementor-element-3dcbf03 elementor-widget elementor-widget-html\" data-id=\"3dcbf03\" data-element_type=\"widget\" data-widget_type=\"html.default\">\n\t\t\t\t<div class=\"elementor-widget-container\">\n\t\t\t\t\t<script src=\"https:\/\/static.elfsight.com\/platform\/platform.js\" data-use-service-core defer><\/script>\r\n<div class=\"elfsight-app-7032524a-ac5b-43c9-ba78-8dba314c9b3b\" data-elfsight-app-lazy><\/div>\t\t\t\t<\/div>\n\t\t\t\t<\/div>\n\t\t\t\t<\/div>\n\t\t<div class=\"elementor-element elementor-element-1c29f810 e-flex e-con-boxed e-con e-parent\" data-id=\"1c29f810\" data-element_type=\"container\">\n\t\t\t\t\t<div class=\"e-con-inner\">\n\t\t\t\t<div class=\"elementor-element elementor-element-f082488 elementor-widget-divider--view-line elementor-widget elementor-widget-divider\" data-id=\"f082488\" data-element_type=\"widget\" data-widget_type=\"divider.default\">\n\t\t\t\t<div class=\"elementor-widget-container\">\n\t\t\t\t\t\t\t<div class=\"elementor-divider\">\n\t\t\t<span class=\"elementor-divider-separator\">\n\t\t\t\t\t\t<\/span>\n\t\t<\/div>\n\t\t\t\t\t\t<\/div>\n\t\t\t\t<\/div>\n\t\t\t\t<div class=\"elementor-element elementor-element-6921b335 elementor-widget elementor-widget-text-editor\" data-id=\"6921b335\" data-element_type=\"widget\" data-widget_type=\"text-editor.default\">\n\t\t\t\t<div class=\"elementor-widget-container\">\n\t\t\t\t\t\t\t\t\t<p><\/p>\n<h1>Unser Firmweg<\/h1>\n<p class=\"wp-block-paragraph\"><\/p>\t\t\t\t\t\t\t\t<\/div>\n\t\t\t\t<\/div>\n\t\t\t\t\t<\/div>\n\t\t\t\t<\/div>\n\t\t<div class=\"elementor-element elementor-element-e5c589c e-flex e-con-boxed e-con e-parent\" data-id=\"e5c589c\" data-element_type=\"container\">\n\t\t\t\t\t<div class=\"e-con-inner\">\n\t\t\t\t<div class=\"elementor-element elementor-element-646e85a elementor-widget elementor-widget-text-editor\" data-id=\"646e85a\" data-element_type=\"widget\" data-widget_type=\"text-editor.default\">\n\t\t\t\t<div class=\"elementor-widget-container\">\n\t\t\t\t\t\t\t\t\t<p>Nach der Taufe und der Erstkommunion ist die Firmung ein weiteres Sakrament, das dich im Leben und Glauben best\u00e4rken will. Die Sakramente begleiten wichtige Lebensabschnitte und \u00dcberg\u00e4nge und geben dir Schwung f\u00fcr die n\u00e4chsten Etappen. Im Pastoralraum Baldeggersee findet die Firmung im Alter von 17+ statt, also genau beim \u00dcbergang zum Erwachsenenalter und in die Berufswelt. Bestimmt ist es auch dir wichtig, deinem Leben eine eigene Richtung zu geben und herauszufinden, was dir Kraft gibt und dich tr\u00e4gt.<\/p>\t\t\t\t\t\t\t\t<\/div>\n\t\t\t\t<\/div>\n\t\t\t\t\t<\/div>\n\t\t\t\t<\/div>\n\t\t<div class=\"elementor-element elementor-element-4f850aa e-flex e-con-boxed e-con e-parent\" data-id=\"4f850aa\" data-element_type=\"container\">\n\t\t\t\t\t<div class=\"e-con-inner\">\n\t\t\t\t<div class=\"elementor-element elementor-element-4e4a5d8 elementor-widget elementor-widget-be-timeline\" data-id=\"4e4a5d8\" data-element_type=\"widget\" data-widget_type=\"be-timeline.default\">\n\t\t\t\t<div class=\"elementor-widget-container\">\n\t\t\t\t\t<ul class=\"be-pack timeline\">\t\t\t<li class=\"timeline-right\">\n\t\t\t \n\t\t\t<div class=\"tl-circ\"><\/div>\n\t\t\t  <div class=\"timeline-panel\">\n\t\t\t\t<div class=\"tl-heading\">\n\t\t\t\t\t<div class=\"tl-content\">\n\t\t\t\t\t\t<div class=\"timeline_pic pull-left\"><img fetchpriority=\"high\" decoding=\"async\" width=\"930\" height=\"620\" src=\"https:\/\/firmweg.prbs.ch\/wp-content\/uploads\/2024\/05\/Startanlass-930x620.jpg\" class=\"be-image\" \/><\/div>\t\t\t\t\t\t<div class=\"be-desc\">\n\t\t\t\t\t\t<h3 class=\"be-title\">Startabend<br\/>27. Februar 2026 <\/h3>\t\t\t\t\t\t<div class=\"be-content\">\n\t\t\t\t\t\t\t<p>Gemeinsam kommen alle Jugendlichen und das Firmteam zusammen, lernen sich kennen und erfahren in Ateliers mehr voneinander. Zudem erh\u00e4ltst du die M\u00f6glichkeit, dich f\u00fcr die individuellen Anl\u00e4sse einzuschreiben.<\/p> \n\t\t\t\t\t\t<\/div>\n\t\t\t\t\t\t<\/div>\n\t\t\t\t\t<\/div>\n\t\t\t\t<\/div>\n\t\t\t  <\/div>\n\t\t\t<\/li>\n\t\t\t\t\t\t\t<li class=\"timeline-inverted\">\n\t\t\t \n\t\t\t<div class=\"tl-circ\"><\/div>\n\t\t\t  <div class=\"timeline-panel\">\n\t\t\t\t<div class=\"tl-heading\">\n\t\t\t\t\t<div class=\"tl-content\">\n\t\t\t\t\t\t<div class=\"timeline_pic pull-left\"><img decoding=\"async\" width=\"930\" height=\"620\" src=\"https:\/\/firmweg.prbs.ch\/wp-content\/uploads\/2024\/05\/Feuerwache_Gruppe-930x620.jpg\" class=\"be-image\" \/><\/div>\t\t\t\t\t\t<div class=\"be-desc\">\n\t\t\t\t\t\t<h3 class=\"be-title\">Individuelle Anl\u00e4sse<br\/>M\u00e4rz. 2026 bis September 2026<\/h3>\t\t\t\t\t\t<div class=\"be-content\">\n\t\t\t\t\t\t\t<p>Du darfst f\u00fcr dich selbst entscheiden, was dich interessiert und an welchem Anlass du teilnehmen m\u00f6chtest. Die Auswahl ist breit und so findest du bestimmt auch etwas f\u00fcr dich. Jede Firmandin, jeder Firmand muss mindestens zwei dieser Anl\u00e4sse besuchen. Nat\u00fcrlich steht es dir frei, auch an drei oder mehreren Treffen teilzunehmen.<\/p> \n\t\t\t\t\t\t<\/div>\n\t\t\t\t\t\t<\/div>\n\t\t\t\t\t<\/div>\n\t\t\t\t<\/div>\n\t\t\t  <\/div>\n\t\t\t<\/li>\n\t\t\t\t\t\t<li class=\"timeline-right\">\n\t\t\t \n\t\t\t<div class=\"tl-circ\"><\/div>\n\t\t\t  <div class=\"timeline-panel\">\n\t\t\t\t<div class=\"tl-heading\">\n\t\t\t\t\t<div class=\"tl-content\">\n\t\t\t\t\t\t<div class=\"timeline_pic pull-left\"><img loading=\"lazy\" decoding=\"async\" width=\"930\" height=\"620\" src=\"https:\/\/firmweg.prbs.ch\/wp-content\/uploads\/2024\/05\/Thementreffen-930x620.jpg\" class=\"be-image\" \/><\/div>\t\t\t\t\t\t<div class=\"be-desc\">\n\t\t\t\t\t\t<h3 class=\"be-title\">Themen-Treffen<br\/>2. Mai 2026 oder 22. Mai 2026<\/h3>\t\t\t\t\t\t<div class=\"be-content\">\n\t\t\t\t\t\t\t<p>An diesem Tag erf\u00e4hrst du in Ateliers mehr zu den Themen Gott, Kirche, Heiliger Geist, mein Glaube. In Gruppen besuchst du jeden Workshop und geniesst die Gemeinschaft mit den anderen Firmandinnen und Firmanden.<\/p> \n\t\t\t\t\t\t<\/div>\n\t\t\t\t\t\t<\/div>\n\t\t\t\t\t<\/div>\n\t\t\t\t<\/div>\n\t\t\t  <\/div>\n\t\t\t<\/li>\n\t\t\t\t\t\t\t<li class=\"timeline-inverted\">\n\t\t\t \n\t\t\t<div class=\"tl-circ\"><\/div>\n\t\t\t  <div class=\"timeline-panel\">\n\t\t\t\t<div class=\"tl-heading\">\n\t\t\t\t\t<div class=\"tl-content\">\n\t\t\t\t\t\t<div class=\"timeline_pic pull-left\"><img loading=\"lazy\" decoding=\"async\" width=\"930\" height=\"620\" src=\"https:\/\/firmweg.prbs.ch\/wp-content\/uploads\/2024\/05\/Firmung-2022-Hochdorf-030-930x620.jpg\" class=\"be-image\" \/><\/div>\t\t\t\t\t\t<div class=\"be-desc\">\n\t\t\t\t\t\t<h3 class=\"be-title\">Erkl\u00e4rgottesdienst<br\/>30. Mai 2026 oder 31. Mai 2026<\/h3>\t\t\t\t\t\t<div class=\"be-content\">\n\t\t\t\t\t\t\t<p>Was passiert da eigentlich in einem Gottesdienst und warum wird wann, wie, was gemacht? Urs Elsener erkl\u00e4rt in einem spannenden Gottesdienst genau, warum wir die Gottesdienste so feiern und was welche Bedeutung hat. Du darfst dir ein Datum ausw\u00e4hlen und besuchst einen dieser Gottesdienste.<\/p> \n\t\t\t\t\t\t<\/div>\n\t\t\t\t\t\t<\/div>\n\t\t\t\t\t<\/div>\n\t\t\t\t<\/div>\n\t\t\t  <\/div>\n\t\t\t<\/li>\n\t\t\t\t\t\t<li class=\"timeline-right\">\n\t\t\t \n\t\t\t<div class=\"tl-circ\"><\/div>\n\t\t\t  <div class=\"timeline-panel\">\n\t\t\t\t<div class=\"tl-heading\">\n\t\t\t\t\t<div class=\"tl-content\">\n\t\t\t\t\t\t<div class=\"timeline_pic pull-left\"><img loading=\"lazy\" decoding=\"async\" width=\"930\" height=\"620\" src=\"https:\/\/firmweg.prbs.ch\/wp-content\/uploads\/2024\/06\/Kathedrale-Solothurn-930x620.jpg\" class=\"be-image\" \/><\/div>\t\t\t\t\t\t<div class=\"be-desc\">\n\t\t\t\t\t\t<h3 class=\"be-title\">Firmweekend<br\/>17. und 18. Oktober 2026<\/h3>\t\t\t\t\t\t<div class=\"be-content\">\n\t\t\t\t\t\t\t<p>Gemeinsam mit der ganzen Firmgruppe besuchen wir die wunderbare Stadt Solothurn und \u00fcbernachten in der Jugendherberge. Die Elemente der Firmgottesdienste werden da vorbereitet, vieles Neues entdeckt und gemeinsam eine lustige Zeit verbracht.<\/p> \n\t\t\t\t\t\t<\/div>\n\t\t\t\t\t\t<\/div>\n\t\t\t\t\t<\/div>\n\t\t\t\t<\/div>\n\t\t\t  <\/div>\n\t\t\t<\/li>\n\t\t\t\t\t\t\t<li class=\"timeline-inverted\">\n\t\t\t \n\t\t\t<div class=\"tl-circ\"><\/div>\n\t\t\t  <div class=\"timeline-panel\">\n\t\t\t\t<div class=\"tl-heading\">\n\t\t\t\t\t<div class=\"tl-content\">\n\t\t\t\t\t\t<div class=\"timeline_pic pull-left\"><img loading=\"lazy\" decoding=\"async\" width=\"827\" height=\"620\" src=\"https:\/\/firmweg.prbs.ch\/wp-content\/uploads\/2024\/06\/Foto-Patentag-scaled.jpeg\" class=\"be-image\" \/><\/div>\t\t\t\t\t\t<div class=\"be-desc\">\n\t\t\t\t\t\t<h3 class=\"be-title\">Patentag<br\/>19. September 2026<\/h3>\t\t\t\t\t\t<div class=\"be-content\">\n\t\t\t\t\t\t\t<p>Dein Pate, deine Patin nimmt eine wichtige Rolle bei der Firmung ein. Wie gut kennt ihr euch schon? Habt ihr auch mal gemeinsam \u00fcber euren Glauben und eure Ziele und Tr\u00e4ume diskutiert? Ihr verbringt Zeit zu zweit und besucht Ateliers, in denen ihr euch besser kennenlernt und \u00fcber Gott und das Leben diskutiert.<\/p> \n\t\t\t\t\t\t<\/div>\n\t\t\t\t\t\t<\/div>\n\t\t\t\t\t<\/div>\n\t\t\t\t<\/div>\n\t\t\t  <\/div>\n\t\t\t<\/li>\n\t\t\t\t\t\t<li class=\"timeline-right\">\n\t\t\t \n\t\t\t<div class=\"tl-circ\"><\/div>\n\t\t\t  <div class=\"timeline-panel\">\n\t\t\t\t<div class=\"tl-heading\">\n\t\t\t\t\t<div class=\"tl-content\">\n\t\t\t\t\t\t<div class=\"timeline_pic pull-left\"><img loading=\"lazy\" decoding=\"async\" width=\"930\" height=\"620\" src=\"https:\/\/firmweg.prbs.ch\/wp-content\/uploads\/2024\/06\/Foto-Probe-Firmung-930x620.jpg\" class=\"be-image\" \/><\/div>\t\t\t\t\t\t<div class=\"be-desc\">\n\t\t\t\t\t\t<h3 class=\"be-title\">Hauptprobe<br\/>19.November 2026<\/h3>\t\t\t\t\t\t<div class=\"be-content\">\n\t\t\t\t\t\t\t<p>Kurz vor der Firmung ist es wichtig, dass wir nochmals zusammenkommen und den Ablauf durchgehen. Die Personen, die etwas vorlesen, d\u00fcrfen die Mikrofon-Probe machen, der Einzug aller Firmanden wird ge\u00fcbt, die Sitzordnung angeschaut. Auch all eure noch offenen Fragen k\u00f6nnen wir da kl\u00e4ren.<\/p> \n\t\t\t\t\t\t<\/div>\n\t\t\t\t\t\t<\/div>\n\t\t\t\t\t<\/div>\n\t\t\t\t<\/div>\n\t\t\t  <\/div>\n\t\t\t<\/li>\n\t\t\t\t\t\t\t<li class=\"timeline-inverted\">\n\t\t\t \n\t\t\t<div class=\"tl-circ\"><\/div>\n\t\t\t  <div class=\"timeline-panel\">\n\t\t\t\t<div class=\"tl-heading\">\n\t\t\t\t\t<div class=\"tl-content\">\n\t\t\t\t\t\t<div class=\"timeline_pic pull-left\"><img loading=\"lazy\" decoding=\"async\" width=\"930\" height=\"620\" src=\"https:\/\/firmweg.prbs.ch\/wp-content\/uploads\/2024\/05\/Firmung_Gruppe3-scaled.jpg\" class=\"be-image\" \/><\/div>\t\t\t\t\t\t<div class=\"be-desc\">\n\t\t\t\t\t\t<h3 class=\"be-title\">Firmung<br\/>21. Nov. 2026 oder 22. Nov. 2026<\/h3>\t\t\t\t\t\t<div class=\"be-content\">\n\t\t\t\t\t\t\t<p>Endlich ist der grosse Tag gekommen.<\/p>\n<p>Die Firmung ist ein bedeutsames Sakrament, das den Glauben st\u00e4rkt und die Verbindung zur Gemeinde vertieft. An diesem besonderen Tag empfangen die Firmlinge die Gaben des Heiligen Geistes und bekr\u00e4ftigen ihre Zugeh\u00f6rigkeit zur Kirche.<\/p> \n\t\t\t\t\t\t<\/div>\n\t\t\t\t\t\t<\/div>\n\t\t\t\t\t<\/div>\n\t\t\t\t<\/div>\n\t\t\t  <\/div>\n\t\t\t<\/li>\n\t\t\t \n      <\/ul>\n\n\t\t\t\t\t<\/div>\n\t\t\t\t<\/div>\n\t\t\t\t<div class=\"elementor-element elementor-element-4c9df0b elementor-widget elementor-widget-heading\" data-id=\"4c9df0b\" data-element_type=\"widget\" data-widget_type=\"heading.default\">\n\t\t\t\t<div class=\"elementor-widget-container\">\n\t\t\t\t\t<h2 class=\"elementor-heading-title elementor-size-default\">Individuelle Anl\u00e4sse<\/h2>\t\t\t\t<\/div>\n\t\t\t\t<\/div>\n\t\t\t\t<div class=\"elementor-element elementor-element-e478a52 elementor-widget elementor-widget-accordion\" data-id=\"e478a52\" data-element_type=\"widget\" data-widget_type=\"accordion.default\">\n\t\t\t\t<div class=\"elementor-widget-container\">\n\t\t\t\t\t\t\t<div class=\"elementor-accordion\">\n\t\t\t\t\t\t\t<div class=\"elementor-accordion-item\">\n\t\t\t\t\t<div id=\"elementor-tab-title-2391\" class=\"elementor-tab-title\" data-tab=\"1\" role=\"button\" aria-controls=\"elementor-tab-content-2391\" aria-expanded=\"false\">\n\t\t\t\t\t\t\t\t\t\t\t\t\t<span class=\"elementor-accordion-icon elementor-accordion-icon-left\" aria-hidden=\"true\">\n\t\t\t\t\t\t\t\t\t\t\t\t\t\t\t<span class=\"elementor-accordion-icon-closed\"><svg class=\"e-font-icon-svg e-fas-plus\" viewBox=\"0 0 448 512\" xmlns=\"http:\/\/www.w3.org\/2000\/svg\"><path d=\"M416 208H272V64c0-17.67-14.33-32-32-32h-32c-17.67 0-32 14.33-32 32v144H32c-17.67 0-32 14.33-32 32v32c0 17.67 14.33 32 32 32h144v144c0 17.67 14.33 32 32 32h32c17.67 0 32-14.33 32-32V304h144c17.67 0 32-14.33 32-32v-32c0-17.67-14.33-32-32-32z\"><\/path><\/svg><\/span>\n\t\t\t\t\t\t\t\t<span class=\"elementor-accordion-icon-opened\"><svg class=\"e-font-icon-svg e-fas-minus\" viewBox=\"0 0 448 512\" xmlns=\"http:\/\/www.w3.org\/2000\/svg\"><path d=\"M416 208H32c-17.67 0-32 14.33-32 32v32c0 17.67 14.33 32 32 32h384c17.67 0 32-14.33 32-32v-32c0-17.67-14.33-32-32-32z\"><\/path><\/svg><\/span>\n\t\t\t\t\t\t\t\t\t\t\t\t\t\t<\/span>\n\t\t\t\t\t\t\t\t\t\t\t\t<a class=\"elementor-accordion-title\" tabindex=\"0\">Begegnungstag Heim Ibenmoos<\/a>\n\t\t\t\t\t<\/div>\n\t\t\t\t\t<div id=\"elementor-tab-content-2391\" class=\"elementor-tab-content elementor-clearfix\" data-tab=\"1\" role=\"region\" aria-labelledby=\"elementor-tab-title-2391\"><p>Der Begegnungstag Ibenmoos findet seit 15 Jahren regelm\u00e4ssig am 15. August im Heim Ibenmoos statt. Wir werden die Zelte auf und abbauen und bei der Festwirtschaft mithelfen. Freuen wir uns auf interessante Begegnungen zwischen Jung und Alt.<\/p><\/div>\n\t\t\t\t<\/div>\n\t\t\t\t\t\t\t<div class=\"elementor-accordion-item\">\n\t\t\t\t\t<div id=\"elementor-tab-title-2392\" class=\"elementor-tab-title\" data-tab=\"2\" role=\"button\" aria-controls=\"elementor-tab-content-2392\" aria-expanded=\"false\">\n\t\t\t\t\t\t\t\t\t\t\t\t\t<span class=\"elementor-accordion-icon elementor-accordion-icon-left\" aria-hidden=\"true\">\n\t\t\t\t\t\t\t\t\t\t\t\t\t\t\t<span class=\"elementor-accordion-icon-closed\"><svg class=\"e-font-icon-svg e-fas-plus\" viewBox=\"0 0 448 512\" xmlns=\"http:\/\/www.w3.org\/2000\/svg\"><path d=\"M416 208H272V64c0-17.67-14.33-32-32-32h-32c-17.67 0-32 14.33-32 32v144H32c-17.67 0-32 14.33-32 32v32c0 17.67 14.33 32 32 32h144v144c0 17.67 14.33 32 32 32h32c17.67 0 32-14.33 32-32V304h144c17.67 0 32-14.33 32-32v-32c0-17.67-14.33-32-32-32z\"><\/path><\/svg><\/span>\n\t\t\t\t\t\t\t\t<span class=\"elementor-accordion-icon-opened\"><svg class=\"e-font-icon-svg e-fas-minus\" viewBox=\"0 0 448 512\" xmlns=\"http:\/\/www.w3.org\/2000\/svg\"><path d=\"M416 208H32c-17.67 0-32 14.33-32 32v32c0 17.67 14.33 32 32 32h384c17.67 0 32-14.33 32-32v-32c0-17.67-14.33-32-32-32z\"><\/path><\/svg><\/span>\n\t\t\t\t\t\t\t\t\t\t\t\t\t\t<\/span>\n\t\t\t\t\t\t\t\t\t\t\t\t<a class=\"elementor-accordion-title\" tabindex=\"0\">Taiz\u00e9-Nachtgebet<\/a>\n\t\t\t\t\t<\/div>\n\t\t\t\t\t<div id=\"elementor-tab-content-2392\" class=\"elementor-tab-content elementor-clearfix\" data-tab=\"2\" role=\"region\" aria-labelledby=\"elementor-tab-title-2392\"><p>Im Kloster Baldegg wird einmal im Monat ein Taiz\u00e9-Nachtgebet angeboten. Wir besuchen diesen sch\u00f6nen Anlass und geniessen anschliessend einen Trunk im Klosterkafi.<\/p><\/div>\n\t\t\t\t<\/div>\n\t\t\t\t\t\t\t<div class=\"elementor-accordion-item\">\n\t\t\t\t\t<div id=\"elementor-tab-title-2393\" class=\"elementor-tab-title\" data-tab=\"3\" role=\"button\" aria-controls=\"elementor-tab-content-2393\" aria-expanded=\"false\">\n\t\t\t\t\t\t\t\t\t\t\t\t\t<span class=\"elementor-accordion-icon elementor-accordion-icon-left\" aria-hidden=\"true\">\n\t\t\t\t\t\t\t\t\t\t\t\t\t\t\t<span class=\"elementor-accordion-icon-closed\"><svg class=\"e-font-icon-svg e-fas-plus\" viewBox=\"0 0 448 512\" xmlns=\"http:\/\/www.w3.org\/2000\/svg\"><path d=\"M416 208H272V64c0-17.67-14.33-32-32-32h-32c-17.67 0-32 14.33-32 32v144H32c-17.67 0-32 14.33-32 32v32c0 17.67 14.33 32 32 32h144v144c0 17.67 14.33 32 32 32h32c17.67 0 32-14.33 32-32V304h144c17.67 0 32-14.33 32-32v-32c0-17.67-14.33-32-32-32z\"><\/path><\/svg><\/span>\n\t\t\t\t\t\t\t\t<span class=\"elementor-accordion-icon-opened\"><svg class=\"e-font-icon-svg e-fas-minus\" viewBox=\"0 0 448 512\" xmlns=\"http:\/\/www.w3.org\/2000\/svg\"><path d=\"M416 208H32c-17.67 0-32 14.33-32 32v32c0 17.67 14.33 32 32 32h384c17.67 0 32-14.33 32-32v-32c0-17.67-14.33-32-32-32z\"><\/path><\/svg><\/span>\n\t\t\t\t\t\t\t\t\t\t\t\t\t\t<\/span>\n\t\t\t\t\t\t\t\t\t\t\t\t<a class=\"elementor-accordion-title\" tabindex=\"0\">Mithilfe Spaghetti-Essen<\/a>\n\t\t\t\t\t<\/div>\n\t\t\t\t\t<div id=\"elementor-tab-content-2393\" class=\"elementor-tab-content elementor-clearfix\" data-tab=\"3\" role=\"region\" aria-labelledby=\"elementor-tab-title-2393\"><p>Der Pfarreirat Hochdorf organisiert jedes Jahr in der Fastenzeit das Spaghetti-Essen im Zentrum St. Martin in Hochdorf. Du hilfst bei der Vorbereitung, beim Sch\u00f6pfen und dann auch beim Aufr\u00e4umen mit und schenkst so vielen Pfarreimitgliedern eine sch\u00f6ne Zeit.<\/p><\/div>\n\t\t\t\t<\/div>\n\t\t\t\t\t\t\t<div class=\"elementor-accordion-item\">\n\t\t\t\t\t<div id=\"elementor-tab-title-2394\" class=\"elementor-tab-title\" data-tab=\"4\" role=\"button\" aria-controls=\"elementor-tab-content-2394\" aria-expanded=\"false\">\n\t\t\t\t\t\t\t\t\t\t\t\t\t<span class=\"elementor-accordion-icon elementor-accordion-icon-left\" aria-hidden=\"true\">\n\t\t\t\t\t\t\t\t\t\t\t\t\t\t\t<span class=\"elementor-accordion-icon-closed\"><svg class=\"e-font-icon-svg e-fas-plus\" viewBox=\"0 0 448 512\" xmlns=\"http:\/\/www.w3.org\/2000\/svg\"><path d=\"M416 208H272V64c0-17.67-14.33-32-32-32h-32c-17.67 0-32 14.33-32 32v144H32c-17.67 0-32 14.33-32 32v32c0 17.67 14.33 32 32 32h144v144c0 17.67 14.33 32 32 32h32c17.67 0 32-14.33 32-32V304h144c17.67 0 32-14.33 32-32v-32c0-17.67-14.33-32-32-32z\"><\/path><\/svg><\/span>\n\t\t\t\t\t\t\t\t<span class=\"elementor-accordion-icon-opened\"><svg class=\"e-font-icon-svg e-fas-minus\" viewBox=\"0 0 448 512\" xmlns=\"http:\/\/www.w3.org\/2000\/svg\"><path d=\"M416 208H32c-17.67 0-32 14.33-32 32v32c0 17.67 14.33 32 32 32h384c17.67 0 32-14.33 32-32v-32c0-17.67-14.33-32-32-32z\"><\/path><\/svg><\/span>\n\t\t\t\t\t\t\t\t\t\t\t\t\t\t<\/span>\n\t\t\t\t\t\t\t\t\t\t\t\t<a class=\"elementor-accordion-title\" tabindex=\"0\">Palmen schneiden<\/a>\n\t\t\t\t\t<\/div>\n\t\t\t\t\t<div id=\"elementor-tab-content-2394\" class=\"elementor-tab-content elementor-clearfix\" data-tab=\"4\" role=\"region\" aria-labelledby=\"elementor-tab-title-2394\"><p>An Palmsonntag ist es Brauch, dass wir Palmb\u00e4ume binden und in die G\u00e4rten stellen. Du hilfst mit, dieses Material zu schneiden und f\u00fcr die Palmbindegruppe bereitzustellen. Wir sind bei jedem Wetter draussen und im Wald unterwegs.<\/p><\/div>\n\t\t\t\t<\/div>\n\t\t\t\t\t\t\t<div class=\"elementor-accordion-item\">\n\t\t\t\t\t<div id=\"elementor-tab-title-2395\" class=\"elementor-tab-title\" data-tab=\"5\" role=\"button\" aria-controls=\"elementor-tab-content-2395\" aria-expanded=\"false\">\n\t\t\t\t\t\t\t\t\t\t\t\t\t<span class=\"elementor-accordion-icon elementor-accordion-icon-left\" aria-hidden=\"true\">\n\t\t\t\t\t\t\t\t\t\t\t\t\t\t\t<span class=\"elementor-accordion-icon-closed\"><svg class=\"e-font-icon-svg e-fas-plus\" viewBox=\"0 0 448 512\" xmlns=\"http:\/\/www.w3.org\/2000\/svg\"><path d=\"M416 208H272V64c0-17.67-14.33-32-32-32h-32c-17.67 0-32 14.33-32 32v144H32c-17.67 0-32 14.33-32 32v32c0 17.67 14.33 32 32 32h144v144c0 17.67 14.33 32 32 32h32c17.67 0 32-14.33 32-32V304h144c17.67 0 32-14.33 32-32v-32c0-17.67-14.33-32-32-32z\"><\/path><\/svg><\/span>\n\t\t\t\t\t\t\t\t<span class=\"elementor-accordion-icon-opened\"><svg class=\"e-font-icon-svg e-fas-minus\" viewBox=\"0 0 448 512\" xmlns=\"http:\/\/www.w3.org\/2000\/svg\"><path d=\"M416 208H32c-17.67 0-32 14.33-32 32v32c0 17.67 14.33 32 32 32h384c17.67 0 32-14.33 32-32v-32c0-17.67-14.33-32-32-32z\"><\/path><\/svg><\/span>\n\t\t\t\t\t\t\t\t\t\t\t\t\t\t<\/span>\n\t\t\t\t\t\t\t\t\t\t\t\t<a class=\"elementor-accordion-title\" tabindex=\"0\">Palmbaum binden<\/a>\n\t\t\t\t\t<\/div>\n\t\t\t\t\t<div id=\"elementor-tab-content-2395\" class=\"elementor-tab-content elementor-clearfix\" data-tab=\"5\" role=\"region\" aria-labelledby=\"elementor-tab-title-2395\"><p>F\u00fcr den bevorstehenden Palmsonntag werden die Palmb\u00e4ume gebunden. In kleinen Gruppen d\u00fcrft ihr dies<span style=\"text-decoration: line-through;\">e<\/span> gemeinsam tun und euch dabei nat\u00fcrlich auch austauschen.<\/p><\/div>\n\t\t\t\t<\/div>\n\t\t\t\t\t\t\t<div class=\"elementor-accordion-item\">\n\t\t\t\t\t<div id=\"elementor-tab-title-2396\" class=\"elementor-tab-title\" data-tab=\"6\" role=\"button\" aria-controls=\"elementor-tab-content-2396\" aria-expanded=\"false\">\n\t\t\t\t\t\t\t\t\t\t\t\t\t<span class=\"elementor-accordion-icon elementor-accordion-icon-left\" aria-hidden=\"true\">\n\t\t\t\t\t\t\t\t\t\t\t\t\t\t\t<span class=\"elementor-accordion-icon-closed\"><svg class=\"e-font-icon-svg e-fas-plus\" viewBox=\"0 0 448 512\" xmlns=\"http:\/\/www.w3.org\/2000\/svg\"><path d=\"M416 208H272V64c0-17.67-14.33-32-32-32h-32c-17.67 0-32 14.33-32 32v144H32c-17.67 0-32 14.33-32 32v32c0 17.67 14.33 32 32 32h144v144c0 17.67 14.33 32 32 32h32c17.67 0 32-14.33 32-32V304h144c17.67 0 32-14.33 32-32v-32c0-17.67-14.33-32-32-32z\"><\/path><\/svg><\/span>\n\t\t\t\t\t\t\t\t<span class=\"elementor-accordion-icon-opened\"><svg class=\"e-font-icon-svg e-fas-minus\" viewBox=\"0 0 448 512\" xmlns=\"http:\/\/www.w3.org\/2000\/svg\"><path d=\"M416 208H32c-17.67 0-32 14.33-32 32v32c0 17.67 14.33 32 32 32h384c17.67 0 32-14.33 32-32v-32c0-17.67-14.33-32-32-32z\"><\/path><\/svg><\/span>\n\t\t\t\t\t\t\t\t\t\t\t\t\t\t<\/span>\n\t\t\t\t\t\t\t\t\t\t\t\t<a class=\"elementor-accordion-title\" tabindex=\"0\">Feuerwache<\/a>\n\t\t\t\t\t<\/div>\n\t\t\t\t\t<div id=\"elementor-tab-content-2396\" class=\"elementor-tab-content elementor-clearfix\" data-tab=\"6\" role=\"region\" aria-labelledby=\"elementor-tab-title-2396\"><p>Am Hohen Donnerstag feiern wir den Abend, an dem Jesus verhaftet wurde. Er sass nach dem letzten Abendmahl mit seinen J\u00fcngern im Garten und wurde sp\u00e4ter dann von den Soldaten abgef\u00fchrt. So kommen auch wir in einem Garten zusammen und machen uns Gedanken an dieses Ereignis. Wir z\u00fcnden ein Feuer an und bewachen dieses in verschiedenen Gruppen die ganze Nacht hindurch.<\/p><\/div>\n\t\t\t\t<\/div>\n\t\t\t\t\t\t\t<div class=\"elementor-accordion-item\">\n\t\t\t\t\t<div id=\"elementor-tab-title-2397\" class=\"elementor-tab-title\" data-tab=\"7\" role=\"button\" aria-controls=\"elementor-tab-content-2397\" aria-expanded=\"false\">\n\t\t\t\t\t\t\t\t\t\t\t\t\t<span class=\"elementor-accordion-icon elementor-accordion-icon-left\" aria-hidden=\"true\">\n\t\t\t\t\t\t\t\t\t\t\t\t\t\t\t<span class=\"elementor-accordion-icon-closed\"><svg class=\"e-font-icon-svg e-fas-plus\" viewBox=\"0 0 448 512\" xmlns=\"http:\/\/www.w3.org\/2000\/svg\"><path d=\"M416 208H272V64c0-17.67-14.33-32-32-32h-32c-17.67 0-32 14.33-32 32v144H32c-17.67 0-32 14.33-32 32v32c0 17.67 14.33 32 32 32h144v144c0 17.67 14.33 32 32 32h32c17.67 0 32-14.33 32-32V304h144c17.67 0 32-14.33 32-32v-32c0-17.67-14.33-32-32-32z\"><\/path><\/svg><\/span>\n\t\t\t\t\t\t\t\t<span class=\"elementor-accordion-icon-opened\"><svg class=\"e-font-icon-svg e-fas-minus\" viewBox=\"0 0 448 512\" xmlns=\"http:\/\/www.w3.org\/2000\/svg\"><path d=\"M416 208H32c-17.67 0-32 14.33-32 32v32c0 17.67 14.33 32 32 32h384c17.67 0 32-14.33 32-32v-32c0-17.67-14.33-32-32-32z\"><\/path><\/svg><\/span>\n\t\t\t\t\t\t\t\t\t\t\t\t\t\t<\/span>\n\t\t\t\t\t\t\t\t\t\t\t\t<a class=\"elementor-accordion-title\" tabindex=\"0\">Mai-Andacht<\/a>\n\t\t\t\t\t<\/div>\n\t\t\t\t\t<div id=\"elementor-tab-content-2397\" class=\"elementor-tab-content elementor-clearfix\" data-tab=\"7\" role=\"region\" aria-labelledby=\"elementor-tab-title-2397\"><p>Gemeinsam spazieren wir nach Urswil und besuchen die Andacht in der Kapelle. Anschliessend kehren wir zu Fuss zur\u00fcck nach Hochdorf.<\/p><\/div>\n\t\t\t\t<\/div>\n\t\t\t\t\t\t\t<div class=\"elementor-accordion-item\">\n\t\t\t\t\t<div id=\"elementor-tab-title-2398\" class=\"elementor-tab-title\" data-tab=\"8\" role=\"button\" aria-controls=\"elementor-tab-content-2398\" aria-expanded=\"false\">\n\t\t\t\t\t\t\t\t\t\t\t\t\t<span class=\"elementor-accordion-icon elementor-accordion-icon-left\" aria-hidden=\"true\">\n\t\t\t\t\t\t\t\t\t\t\t\t\t\t\t<span class=\"elementor-accordion-icon-closed\"><svg class=\"e-font-icon-svg e-fas-plus\" viewBox=\"0 0 448 512\" xmlns=\"http:\/\/www.w3.org\/2000\/svg\"><path d=\"M416 208H272V64c0-17.67-14.33-32-32-32h-32c-17.67 0-32 14.33-32 32v144H32c-17.67 0-32 14.33-32 32v32c0 17.67 14.33 32 32 32h144v144c0 17.67 14.33 32 32 32h32c17.67 0 32-14.33 32-32V304h144c17.67 0 32-14.33 32-32v-32c0-17.67-14.33-32-32-32z\"><\/path><\/svg><\/span>\n\t\t\t\t\t\t\t\t<span class=\"elementor-accordion-icon-opened\"><svg class=\"e-font-icon-svg e-fas-minus\" viewBox=\"0 0 448 512\" xmlns=\"http:\/\/www.w3.org\/2000\/svg\"><path d=\"M416 208H32c-17.67 0-32 14.33-32 32v32c0 17.67 14.33 32 32 32h384c17.67 0 32-14.33 32-32v-32c0-17.67-14.33-32-32-32z\"><\/path><\/svg><\/span>\n\t\t\t\t\t\t\t\t\t\t\t\t\t\t<\/span>\n\t\t\t\t\t\t\t\t\t\t\t\t<a class=\"elementor-accordion-title\" tabindex=\"0\">Adoray<\/a>\n\t\t\t\t\t<\/div>\n\t\t\t\t\t<div id=\"elementor-tab-content-2398\" class=\"elementor-tab-content elementor-clearfix\" data-tab=\"8\" role=\"region\" aria-labelledby=\"elementor-tab-title-2398\"><p>Wir fahren an einem Sonntagabend nach Luzern und besuchen eine Lobpreis-Feier des Adoray. Das Adoray wird von jungen Leuten organisiert und durchgef\u00fchrt. Sie beten, singen und musizieren miteinander. Jedes Mal gibt es auch einen interessanten Glaubens-Impuls und anschliessend ein gem\u00fctliches Zusammensein.<\/p><\/div>\n\t\t\t\t<\/div>\n\t\t\t\t\t\t\t<div class=\"elementor-accordion-item\">\n\t\t\t\t\t<div id=\"elementor-tab-title-2399\" class=\"elementor-tab-title\" data-tab=\"9\" role=\"button\" aria-controls=\"elementor-tab-content-2399\" aria-expanded=\"false\">\n\t\t\t\t\t\t\t\t\t\t\t\t\t<span class=\"elementor-accordion-icon elementor-accordion-icon-left\" aria-hidden=\"true\">\n\t\t\t\t\t\t\t\t\t\t\t\t\t\t\t<span class=\"elementor-accordion-icon-closed\"><svg class=\"e-font-icon-svg e-fas-plus\" viewBox=\"0 0 448 512\" xmlns=\"http:\/\/www.w3.org\/2000\/svg\"><path d=\"M416 208H272V64c0-17.67-14.33-32-32-32h-32c-17.67 0-32 14.33-32 32v144H32c-17.67 0-32 14.33-32 32v32c0 17.67 14.33 32 32 32h144v144c0 17.67 14.33 32 32 32h32c17.67 0 32-14.33 32-32V304h144c17.67 0 32-14.33 32-32v-32c0-17.67-14.33-32-32-32z\"><\/path><\/svg><\/span>\n\t\t\t\t\t\t\t\t<span class=\"elementor-accordion-icon-opened\"><svg class=\"e-font-icon-svg e-fas-minus\" viewBox=\"0 0 448 512\" xmlns=\"http:\/\/www.w3.org\/2000\/svg\"><path d=\"M416 208H32c-17.67 0-32 14.33-32 32v32c0 17.67 14.33 32 32 32h384c17.67 0 32-14.33 32-32v-32c0-17.67-14.33-32-32-32z\"><\/path><\/svg><\/span>\n\t\t\t\t\t\t\t\t\t\t\t\t\t\t<\/span>\n\t\t\t\t\t\t\t\t\t\t\t\t<a class=\"elementor-accordion-title\" tabindex=\"0\">Nachtwanderung<\/a>\n\t\t\t\t\t<\/div>\n\t\t\t\t\t<div id=\"elementor-tab-content-2399\" class=\"elementor-tab-content elementor-clearfix\" data-tab=\"9\" role=\"region\" aria-labelledby=\"elementor-tab-title-2399\"><p>Vom Ibenmoos aus gehen wir zusammen eine Runde und kehren nach zirka 2 Stunden zur\u00fcck. Begleitet von Fackeln und guten Gespr\u00e4chen verbringen wir eine sch\u00f6ne Zeit miteinander.<\/p><\/div>\n\t\t\t\t<\/div>\n\t\t\t\t\t\t\t<div class=\"elementor-accordion-item\">\n\t\t\t\t\t<div id=\"elementor-tab-title-23910\" class=\"elementor-tab-title\" data-tab=\"10\" role=\"button\" aria-controls=\"elementor-tab-content-23910\" aria-expanded=\"false\">\n\t\t\t\t\t\t\t\t\t\t\t\t\t<span class=\"elementor-accordion-icon elementor-accordion-icon-left\" aria-hidden=\"true\">\n\t\t\t\t\t\t\t\t\t\t\t\t\t\t\t<span class=\"elementor-accordion-icon-closed\"><svg class=\"e-font-icon-svg e-fas-plus\" viewBox=\"0 0 448 512\" xmlns=\"http:\/\/www.w3.org\/2000\/svg\"><path d=\"M416 208H272V64c0-17.67-14.33-32-32-32h-32c-17.67 0-32 14.33-32 32v144H32c-17.67 0-32 14.33-32 32v32c0 17.67 14.33 32 32 32h144v144c0 17.67 14.33 32 32 32h32c17.67 0 32-14.33 32-32V304h144c17.67 0 32-14.33 32-32v-32c0-17.67-14.33-32-32-32z\"><\/path><\/svg><\/span>\n\t\t\t\t\t\t\t\t<span class=\"elementor-accordion-icon-opened\"><svg class=\"e-font-icon-svg e-fas-minus\" viewBox=\"0 0 448 512\" xmlns=\"http:\/\/www.w3.org\/2000\/svg\"><path d=\"M416 208H32c-17.67 0-32 14.33-32 32v32c0 17.67 14.33 32 32 32h384c17.67 0 32-14.33 32-32v-32c0-17.67-14.33-32-32-32z\"><\/path><\/svg><\/span>\n\t\t\t\t\t\t\t\t\t\t\t\t\t\t<\/span>\n\t\t\t\t\t\t\t\t\t\t\t\t<a class=\"elementor-accordion-title\" tabindex=\"0\">\u00dcberraschungsabend<\/a>\n\t\t\t\t\t<\/div>\n\t\t\t\t\t<div id=\"elementor-tab-content-23910\" class=\"elementor-tab-content elementor-clearfix\" data-tab=\"10\" role=\"region\" aria-labelledby=\"elementor-tab-title-23910\"><p>Lass dich \u00fcberraschen&#8230;.<\/p><\/div>\n\t\t\t\t<\/div>\n\t\t\t\t\t\t\t<div class=\"elementor-accordion-item\">\n\t\t\t\t\t<div id=\"elementor-tab-title-23911\" class=\"elementor-tab-title\" data-tab=\"11\" role=\"button\" aria-controls=\"elementor-tab-content-23911\" aria-expanded=\"false\">\n\t\t\t\t\t\t\t\t\t\t\t\t\t<span class=\"elementor-accordion-icon elementor-accordion-icon-left\" aria-hidden=\"true\">\n\t\t\t\t\t\t\t\t\t\t\t\t\t\t\t<span class=\"elementor-accordion-icon-closed\"><svg class=\"e-font-icon-svg e-fas-plus\" viewBox=\"0 0 448 512\" xmlns=\"http:\/\/www.w3.org\/2000\/svg\"><path d=\"M416 208H272V64c0-17.67-14.33-32-32-32h-32c-17.67 0-32 14.33-32 32v144H32c-17.67 0-32 14.33-32 32v32c0 17.67 14.33 32 32 32h144v144c0 17.67 14.33 32 32 32h32c17.67 0 32-14.33 32-32V304h144c17.67 0 32-14.33 32-32v-32c0-17.67-14.33-32-32-32z\"><\/path><\/svg><\/span>\n\t\t\t\t\t\t\t\t<span class=\"elementor-accordion-icon-opened\"><svg class=\"e-font-icon-svg e-fas-minus\" viewBox=\"0 0 448 512\" xmlns=\"http:\/\/www.w3.org\/2000\/svg\"><path d=\"M416 208H32c-17.67 0-32 14.33-32 32v32c0 17.67 14.33 32 32 32h384c17.67 0 32-14.33 32-32v-32c0-17.67-14.33-32-32-32z\"><\/path><\/svg><\/span>\n\t\t\t\t\t\t\t\t\t\t\t\t\t\t<\/span>\n\t\t\t\t\t\t\t\t\t\t\t\t<a class=\"elementor-accordion-title\" tabindex=\"0\">Gewerbeausstellung<\/a>\n\t\t\t\t\t<\/div>\n\t\t\t\t\t<div id=\"elementor-tab-content-23911\" class=\"elementor-tab-content elementor-clearfix\" data-tab=\"11\" role=\"region\" aria-labelledby=\"elementor-tab-title-23911\"><p>Dieses Jahr findet die Gewerbeausstellung in Hochdorf statt. An dieser helfen wir mit, unseren Pastoralraum Baldeggersee b\u00fcrgernah und sympathisch zu pr\u00e4sentieren.<\/p><\/div>\n\t\t\t\t<\/div>\n\t\t\t\t\t\t\t\t<\/div>\n\t\t\t\t\t\t<\/div>\n\t\t\t\t<\/div>\n\t\t\t\t\t<\/div>\n\t\t\t\t<\/div>\n\t\t<div class=\"elementor-element elementor-element-e3d443e e-con-full e-flex e-con e-parent\" data-id=\"e3d443e\" data-element_type=\"container\">\n\t\t\t\t<div class=\"elementor-element elementor-element-ce7819a elementor-widget elementor-widget-spacer\" data-id=\"ce7819a\" data-element_type=\"widget\" data-widget_type=\"spacer.default\">\n\t\t\t\t<div class=\"elementor-widget-container\">\n\t\t\t\t\t\t\t<div class=\"elementor-spacer\">\n\t\t\t<div class=\"elementor-spacer-inner\"><\/div>\n\t\t<\/div>\n\t\t\t\t\t\t<\/div>\n\t\t\t\t<\/div>\n\t\t\t\t<div class=\"elementor-element elementor-element-d7872dd elementor-widget-divider--view-line elementor-widget elementor-widget-divider\" data-id=\"d7872dd\" data-element_type=\"widget\" data-widget_type=\"divider.default\">\n\t\t\t\t<div class=\"elementor-widget-container\">\n\t\t\t\t\t\t\t<div class=\"elementor-divider\">\n\t\t\t<span class=\"elementor-divider-separator\">\n\t\t\t\t\t\t<\/span>\n\t\t<\/div>\n\t\t\t\t\t\t<\/div>\n\t\t\t\t<\/div>\n\t\t\t\t<div class=\"elementor-element elementor-element-531fd35 elementor-widget elementor-widget-text-editor\" data-id=\"531fd35\" data-element_type=\"widget\" data-widget_type=\"text-editor.default\">\n\t\t\t\t<div class=\"elementor-widget-container\">\n\t\t\t\t\t\t\t\t\t<h3>Einzelgespr\u00e4che<\/h3>\n<p>Selbstverst\u00e4ndlich sind wir vom Firmteam auch jederzeit f\u00fcr Einzelgespr\u00e4che bereit. Wer dies m\u00f6chte, kann gerne mit jemandem von uns Kontakt aufnehmen. F\u00fcr Lebens- oder Beichtgespr\u00e4che stehen auch unsere Seelsorger zur Verf\u00fcgung: Urs Elsener oder Ralf Binder.<\/p>\t\t\t\t\t\t\t\t<\/div>\n\t\t\t\t<\/div>\n\t\t\t\t<div class=\"elementor-element elementor-element-08962c6 elementor-widget elementor-widget-text-editor\" data-id=\"08962c6\" data-element_type=\"widget\" data-widget_type=\"text-editor.default\">\n\t\t\t\t<div class=\"elementor-widget-container\">\n\t\t\t\t\t\t\t\t\t<h3>Kontakt<\/h3>\n<p>Die Leitung und Verantwortung f\u00fcr den Firmweg haben Lucia Wyss und Priska Kurmann.<br \/><a href=\"mailto:firmung@prbs.ch\">E-Mail: firmung@prbs.ch<\/a><\/p>\t\t\t\t\t\t\t\t<\/div>\n\t\t\t\t<\/div>\n\t\t\t\t<div class=\"elementor-element elementor-element-bcc5d4f elementor-widget elementor-widget-heading\" data-id=\"bcc5d4f\" data-element_type=\"widget\" data-widget_type=\"heading.default\">\n\t\t\t\t<div class=\"elementor-widget-container\">\n\t\t\t\t\t<h2 class=\"elementor-heading-title elementor-size-default\"><h2 data-elementor-setting-key=\"title\" data-lt-tmp-id=\"lt-115543\" data-gramm=\"false\" data-pen-placeholder=\"Type Here...\" style=\"font-size: var(--h2fontsize);font-weight: var( --e-global-typography-primary-font-weight );font-family: var( --e-global-typography-primary-font-family ), Sans-serif;letter-spacing: normal;text-transform: none;color: var( --e-global-color-primary )\"><\/h2><h3 style=\"font-size: var(--h3fontsize);font-weight: var(--h3fontweight);font-family: Roboto, sans-serif;line-height: var(--h3lineheight);letter-spacing: normal;text-transform: none\">Downloads<\/h3><\/h2>\t\t\t\t<\/div>\n\t\t\t\t<\/div>\n\t\t\t\t<div class=\"elementor-element elementor-element-fed0b73 elementor-widget elementor-widget-image\" data-id=\"fed0b73\" data-element_type=\"widget\" data-widget_type=\"image.default\">\n\t\t\t\t<div class=\"elementor-widget-container\">\n\t\t\t\t\t\t\t\t\t\t\t\t\t\t\t<img decoding=\"async\" src=\"https:\/\/firmweg.prbs.ch\/wp-content\/uploads\/2024\/05\/Markenstimme_Yoga_Loft_Gruppe_1-4.pdf\" title=\"\" alt=\"\" loading=\"lazy\" \/>\t\t\t\t\t\t\t\t\t\t\t\t\t\t\t<\/div>\n\t\t\t\t<\/div>\n\t\t\t\t<\/div>\n\t\t<div class=\"elementor-element elementor-element-c287f5e e-flex e-con-boxed e-con e-parent\" data-id=\"c287f5e\" data-element_type=\"container\">\n\t\t\t\t\t<div class=\"e-con-inner\">\n\t\t\t\t<div class=\"elementor-element elementor-element-d899a06 elementor-widget elementor-widget-image\" data-id=\"d899a06\" data-element_type=\"widget\" data-widget_type=\"image.default\">\n\t\t\t\t<div class=\"elementor-widget-container\">\n\t\t\t\t\t\t\t\t\t\t\t\t\t\t\t<img decoding=\"async\" src=\"https:\/\/firmweg.prbs.ch\/wp-content\/plugins\/elementor\/assets\/images\/placeholder.png\" title=\"\" alt=\"\" loading=\"lazy\" \/>\t\t\t\t\t\t\t\t\t\t\t\t\t\t\t<\/div>\n\t\t\t\t<\/div>\n\t\t\t\t\t<\/div>\n\t\t\t\t<\/div>\n\t\t\t\t<\/div>\n\t\t","protected":false},"excerpt":{"rendered":"<p>Anmeldung zum Firmweg 2026 Um was geht es? Bei der Firmung geht es (kurz gesagt) um den Hl. Geist und die Kirche. Wenn Du Dich firmen l\u00e4sst, wirst Du erf\u00fcllt vom Hl. Geist und noch mehr verbunden mit der Gemeinschaft der Kirche. Der Hl. Geist l\u00e4sst sich allerdings kaum in eine klare Definition pressen \u2026&hellip;&nbsp;<a href=\"https:\/\/firmweg.prbs.ch\/\" rel=\"bookmark\">Weiterlesen &raquo;<span class=\"screen-reader-text\">Firmweg Pastoralraum Baldeggersee_content<\/span><\/a><\/p>\n","protected":false},"author":1,"featured_media":68,"parent":0,"menu_order":0,"comment_status":"closed","ping_status":"closed","template":"","meta":{"neve_meta_sidebar":"","neve_meta_container":"","neve_meta_enable_content_width":"on","neve_meta_content_width":90,"neve_meta_title_alignment":"","neve_meta_author_avatar":"","neve_post_elements_order":"","neve_meta_disable_header":"","neve_meta_disable_footer":"","neve_meta_disable_title":"on","footnotes":""},"class_list":["post-8","page","type-page","status-publish","has-post-thumbnail","hentry"],"_links":{"self":[{"href":"https:\/\/firmweg.prbs.ch\/index.php?rest_route=\/wp\/v2\/pages\/8","targetHints":{"allow":["GET"]}}],"collection":[{"href":"https:\/\/firmweg.prbs.ch\/index.php?rest_route=\/wp\/v2\/pages"}],"about":[{"href":"https:\/\/firmweg.prbs.ch\/index.php?rest_route=\/wp\/v2\/types\/page"}],"author":[{"embeddable":true,"href":"https:\/\/firmweg.prbs.ch\/index.php?rest_route=\/wp\/v2\/users\/1"}],"replies":[{"embeddable":true,"href":"https:\/\/firmweg.prbs.ch\/index.php?rest_route=%2Fwp%2Fv2%2Fcomments&post=8"}],"version-history":[{"count":237,"href":"https:\/\/firmweg.prbs.ch\/index.php?rest_route=\/wp\/v2\/pages\/8\/revisions"}],"predecessor-version":[{"id":384,"href":"https:\/\/firmweg.prbs.ch\/index.php?rest_route=\/wp\/v2\/pages\/8\/revisions\/384"}],"wp:featuredmedia":[{"embeddable":true,"href":"https:\/\/firmweg.prbs.ch\/index.php?rest_route=\/wp\/v2\/media\/68"}],"wp:attachment":[{"href":"https:\/\/firmweg.prbs.ch\/index.php?rest_route=%2Fwp%2Fv2%2Fmedia&parent=8"}],"curies":[{"name":"wp","href":"https:\/\/api.w.org\/{rel}","templated":true}]}}